{"id":439,"date":"2025-11-03T14:22:12","date_gmt":"2025-11-03T14:22:12","guid":{"rendered":"https:\/\/appliedmanagement.it\/?page_id=439"},"modified":"2025-11-28T18:08:25","modified_gmt":"2025-11-28T18:08:25","slug":"chi-siamo","status":"publish","type":"page","link":"https:\/\/appliedmanagement.it\/index.php\/chi-siamo\/","title":{"rendered":"Chi siamo"},"content":{"rendered":"\t\t<div data-elementor-type=\"wp-page\" data-elementor-id=\"439\" class=\"elementor elementor-439\" data-elementor-post-type=\"page\">\n\t\t\t\t<div class=\"elementor-element elementor-element-ef16b12 e-flex e-con-boxed e-con e-parent\" data-id=\"ef16b12\" data-element_type=\"container\" data-settings=\"{&quot;background_background&quot;:&quot;classic&quot;}\">\n\t\t\t\t\t<div class=\"e-con-inner\">\n\t\t<div class=\"elementor-element elementor-element-acea065 e-con-full e-flex e-con e-child\" data-id=\"acea065\" data-element_type=\"container\">\n\t\t\t\t<div class=\"elementor-element elementor-element-88e5fb9 elementor-widget elementor-widget-heading\" data-id=\"88e5fb9\" data-element_type=\"widget\" data-widget_type=\"heading.default\">\n\t\t\t\t\t<h1 class=\"elementor-heading-title elementor-size-default\">Diversi per natura, uniti per scelta<\/h1>\t\t\t\t<\/div>\n\t\t\t\t<div class=\"elementor-element elementor-element-e2758ef elementor-widget elementor-widget-text-editor\" data-id=\"e2758ef\" data-element_type=\"widget\" data-widget_type=\"text-editor.default\">\n\t\t\t\t\t\t\t\t\t<h3><strong>Dal 2009, insieme.<\/strong><br \/><strong>La nostra forza \u00e8 la diversit\u00e0.<\/strong><\/h3>\t\t\t\t\t\t\t\t<\/div>\n\t\t\t\t<div class=\"elementor-element elementor-element-2e409a9 elementor-widget elementor-widget-text-editor\" data-id=\"2e409a9\" data-element_type=\"widget\" data-widget_type=\"text-editor.default\">\n\t\t\t\t\t\t\t\t\t<h5><br \/>Esperienze, culture, passione, storie: ogni percorso personale arricchisce ci\u00f2 che facciamo.<br \/>\u00c8 da questa ricchezza che nasce il nostro valore: progetti unici, solidi, pensati per durare.<\/h5>\t\t\t\t\t\t\t\t<\/div>\n\t\t\t\t<div class=\"elementor-element elementor-element-f729145 elementor-widget elementor-widget-button\" data-id=\"f729145\" data-element_type=\"widget\" data-widget_type=\"button.default\">\n\t\t\t\t\t\t\t\t\t\t<a class=\"elementor-button elementor-button-link elementor-size-sm\" href=\"https:\/\/appliedmanagement.it\/index.php\/contatti\/\">\n\t\t\t\t\t\t<span class=\"elementor-button-content-wrapper\">\n\t\t\t\t\t\t\t\t\t<span class=\"elementor-button-text\">richiedi un incontro<\/span>\n\t\t\t\t\t<\/span>\n\t\t\t\t\t<\/a>\n\t\t\t\t\t\t\t\t<\/div>\n\t\t\t\t<\/div>\n\t\t<div class=\"elementor-element elementor-element-19253be e-con-full e-flex e-con e-child\" data-id=\"19253be\" data-element_type=\"container\">\n\t\t\t\t<div class=\"elementor-element elementor-element-ecb6f26 elementor-hidden-mobile elementor-widget elementor-widget-image\" data-id=\"ecb6f26\" data-element_type=\"widget\" data-widget_type=\"image.default\">\n\t\t\t\t\t\t\t\t\t\t\t\t\t\t\t<img fetchpriority=\"high\" decoding=\"async\" width=\"485\" height=\"407\" src=\"https:\/\/appliedmanagement.it\/wp-content\/uploads\/2025\/11\/illustrazione-team.svg\" class=\"attachment-large size-large wp-image-528\" alt=\"\" \/>\t\t\t\t\t\t\t\t\t\t\t\t\t\t\t<\/div>\n\t\t\t\t<\/div>\n\t\t\t\t\t<\/div>\n\t\t\t\t<\/div>\n\t\t<div class=\"elementor-element elementor-element-d062ad9 e-flex e-con-boxed e-con e-parent\" data-id=\"d062ad9\" data-element_type=\"container\">\n\t\t\t\t\t<div class=\"e-con-inner\">\n\t\t\t\t<div class=\"elementor-element elementor-element-67fd586 elementor-widget elementor-widget-image\" data-id=\"67fd586\" data-element_type=\"widget\" data-widget_type=\"image.default\">\n\t\t\t\t\t\t\t\t\t\t\t\t\t\t\t<img decoding=\"async\" width=\"252\" height=\"153\" src=\"https:\/\/appliedmanagement.it\/wp-content\/uploads\/2025\/11\/triangolo-nero-1.png\" class=\"attachment-full size-full wp-image-822\" alt=\"\" \/>\t\t\t\t\t\t\t\t\t\t\t\t\t\t\t<\/div>\n\t\t\t\t\t<\/div>\n\t\t\t\t<\/div>\n\t\t<div class=\"elementor-element elementor-element-96a78c5 e-grid e-con-boxed e-con e-parent\" data-id=\"96a78c5\" data-element_type=\"container\" data-settings=\"{&quot;background_background&quot;:&quot;classic&quot;}\">\n\t\t\t\t\t<div class=\"e-con-inner\">\n\t\t<div class=\"elementor-element elementor-element-58ecd22 e-con-full e-transform box-interattivo e-flex e-con e-child\" data-id=\"58ecd22\" data-element_type=\"container\" data-settings=\"{&quot;background_background&quot;:&quot;classic&quot;,&quot;_transform_scale_effect_hover&quot;:{&quot;unit&quot;:&quot;px&quot;,&quot;size&quot;:1.05,&quot;sizes&quot;:[]},&quot;_transform_scale_effect_hover_tablet&quot;:{&quot;unit&quot;:&quot;px&quot;,&quot;size&quot;:&quot;&quot;,&quot;sizes&quot;:[]},&quot;_transform_scale_effect_hover_mobile&quot;:{&quot;unit&quot;:&quot;px&quot;,&quot;size&quot;:&quot;&quot;,&quot;sizes&quot;:[]}}\">\n\t\t\t\t<div class=\"elementor-element elementor-element-a1625cd elementor-widget elementor-widget-heading\" data-id=\"a1625cd\" data-element_type=\"widget\" data-widget_type=\"heading.default\">\n\t\t\t\t\t<h3 class=\"elementor-heading-title elementor-size-default\">Francesca Dei<\/h3>\t\t\t\t<\/div>\n\t\t\t\t<div class=\"elementor-element elementor-element-c4d5ccd elementor-widget elementor-widget-heading\" data-id=\"c4d5ccd\" data-element_type=\"widget\" data-widget_type=\"heading.default\">\n\t\t\t\t\t<h5 class=\"elementor-heading-title elementor-size-default\">La razionalizzatrice<\/h5>\t\t\t\t<\/div>\n\t\t\t\t<div class=\"elementor-element elementor-element-53be2d5 testo-nascosto elementor-widget elementor-widget-text-editor\" data-id=\"53be2d5\" data-element_type=\"widget\" data-widget_type=\"text-editor.default\">\n\t\t\t\t\t\t\t\t\t<p>Si \u00e8 laureata in Scienze Statistiche ed Economiche presso l\u2019Universit\u00e0 degli Studi di Siena. Ha sviluppato la sua esperienza professionale all\u2019interno di aziende di grandi dimensioni, occupandosi di sistemi di gestione, sviluppo organizzativo e progetti di change management. Dal 2001 collabora stabilmente con importanti societ\u00e0 di consulenza e formazione, portando competenze trasversali e una visione sistemica dei processi aziendali. \u00c8 co-founder e<br \/>partner di Applied Management, dove coordina le attivit\u00e0 legate all\u2019innovazione e alla<br \/>costruzione del sistema d\u2019offerta.<\/p>\t\t\t\t\t\t\t\t<\/div>\n\t\t\t\t<\/div>\n\t\t<div class=\"elementor-element elementor-element-1fe18d5 e-con-full e-transform box-interattivo e-flex e-con e-child\" data-id=\"1fe18d5\" data-element_type=\"container\" data-settings=\"{&quot;background_background&quot;:&quot;classic&quot;,&quot;_transform_scale_effect_hover&quot;:{&quot;unit&quot;:&quot;px&quot;,&quot;size&quot;:1.05,&quot;sizes&quot;:[]},&quot;_transform_scale_effect_hover_tablet&quot;:{&quot;unit&quot;:&quot;px&quot;,&quot;size&quot;:&quot;&quot;,&quot;sizes&quot;:[]},&quot;_transform_scale_effect_hover_mobile&quot;:{&quot;unit&quot;:&quot;px&quot;,&quot;size&quot;:&quot;&quot;,&quot;sizes&quot;:[]}}\">\n\t\t\t\t<div class=\"elementor-element elementor-element-6a8511a elementor-widget elementor-widget-heading\" data-id=\"6a8511a\" data-element_type=\"widget\" data-widget_type=\"heading.default\">\n\t\t\t\t\t<h3 class=\"elementor-heading-title elementor-size-default\">Pino Sannicol\u00f2<\/h3>\t\t\t\t<\/div>\n\t\t\t\t<div class=\"elementor-element elementor-element-8fc8b1f elementor-widget elementor-widget-heading\" data-id=\"8fc8b1f\" data-element_type=\"widget\" data-widget_type=\"heading.default\">\n\t\t\t\t\t<h5 class=\"elementor-heading-title elementor-size-default\">Il saggio<\/h5>\t\t\t\t<\/div>\n\t\t\t\t<div class=\"elementor-element elementor-element-2269bf8 testo-nascosto elementor-widget elementor-widget-text-editor\" data-id=\"2269bf8\" data-element_type=\"widget\" data-widget_type=\"text-editor.default\">\n\t\t\t\t\t\t\t\t\t<p>Si \u00e8 laureato in Fisica presso l\u2019Universit\u00e0 degli Studi di Milano e ha conseguito un Master al MIT di Cambridge, Massachusetts. Ha maturato una lunga e solida esperienza in ambito aziendale, ricoprendo ruoli di vertice come Direttore Centrale, Direttore Generale e Amministratore Delegato in importanti multinazionali dei settori industriale, bancario e assicurativo. \u00c8 stato partner di prestigiose societ\u00e0 di consulenza e attualmente \u00e8 co-founder e partner di Applied Management, dove si occupa con competenza e visione strategica di tutti i principali temi legati al management.<\/p>\t\t\t\t\t\t\t\t<\/div>\n\t\t\t\t<\/div>\n\t\t<div class=\"elementor-element elementor-element-e893d06 e-con-full e-transform box-interattivo e-flex e-con e-child\" data-id=\"e893d06\" data-element_type=\"container\" data-settings=\"{&quot;background_background&quot;:&quot;classic&quot;,&quot;_transform_scale_effect_hover&quot;:{&quot;unit&quot;:&quot;px&quot;,&quot;size&quot;:1.05,&quot;sizes&quot;:[]},&quot;_transform_scale_effect_hover_tablet&quot;:{&quot;unit&quot;:&quot;px&quot;,&quot;size&quot;:&quot;&quot;,&quot;sizes&quot;:[]},&quot;_transform_scale_effect_hover_mobile&quot;:{&quot;unit&quot;:&quot;px&quot;,&quot;size&quot;:&quot;&quot;,&quot;sizes&quot;:[]}}\">\n\t\t\t\t<div class=\"elementor-element elementor-element-865b161 elementor-widget elementor-widget-heading\" data-id=\"865b161\" data-element_type=\"widget\" data-widget_type=\"heading.default\">\n\t\t\t\t\t<h3 class=\"elementor-heading-title elementor-size-default\">Anne Sophie Roussy<\/h3>\t\t\t\t<\/div>\n\t\t\t\t<div class=\"elementor-element elementor-element-3d08bea elementor-widget elementor-widget-heading\" data-id=\"3d08bea\" data-element_type=\"widget\" data-widget_type=\"heading.default\">\n\t\t\t\t\t<h5 class=\"elementor-heading-title elementor-size-default\">L'eclettica<\/h5>\t\t\t\t<\/div>\n\t\t\t\t<div class=\"elementor-element elementor-element-3caf8b0 testo-nascosto elementor-widget elementor-widget-text-editor\" data-id=\"3caf8b0\" data-element_type=\"widget\" data-widget_type=\"text-editor.default\">\n\t\t\t\t\t\t\t\t\t<p>Di cultura internazionale, ha vissuto in Europa, Asia e Medio Oriente, esperienze che hanno arricchito profondamente il suo approccio umano e professionale. Si \u00e8 laureata in Economia e Commercio e ha conseguito un Master universitario in Coaching aziendale. Con una solida esperienza maturata sia in azienda che in consulenza, nei settori della formazione, delle risorse umane e dell\u2019area commerciale, progetta e conduce workshop e coaching mirati che facilitano l\u2019approccio al cambiamento, il raggiungimento degli obiettivi e lo sviluppo personale.<\/p>\t\t\t\t\t\t\t\t<\/div>\n\t\t\t\t<\/div>\n\t\t<div class=\"elementor-element elementor-element-d2d563d e-con-full e-transform box-interattivo e-flex e-con e-child\" data-id=\"d2d563d\" data-element_type=\"container\" data-settings=\"{&quot;background_background&quot;:&quot;classic&quot;,&quot;_transform_scale_effect_hover&quot;:{&quot;unit&quot;:&quot;px&quot;,&quot;size&quot;:1.05,&quot;sizes&quot;:[]},&quot;_transform_scale_effect_hover_tablet&quot;:{&quot;unit&quot;:&quot;px&quot;,&quot;size&quot;:&quot;&quot;,&quot;sizes&quot;:[]},&quot;_transform_scale_effect_hover_mobile&quot;:{&quot;unit&quot;:&quot;px&quot;,&quot;size&quot;:&quot;&quot;,&quot;sizes&quot;:[]}}\">\n\t\t\t\t<div class=\"elementor-element elementor-element-bda56ec elementor-widget elementor-widget-heading\" data-id=\"bda56ec\" data-element_type=\"widget\" data-widget_type=\"heading.default\">\n\t\t\t\t\t<h3 class=\"elementor-heading-title elementor-size-default\">Valentina Rho<\/h3>\t\t\t\t<\/div>\n\t\t\t\t<div class=\"elementor-element elementor-element-d3f5227 elementor-widget elementor-widget-heading\" data-id=\"d3f5227\" data-element_type=\"widget\" data-widget_type=\"heading.default\">\n\t\t\t\t\t<h5 class=\"elementor-heading-title elementor-size-default\">L'attrice<\/h5>\t\t\t\t<\/div>\n\t\t\t\t<div class=\"elementor-element elementor-element-62271a1 testo-nascosto elementor-widget elementor-widget-text-editor\" data-id=\"62271a1\" data-element_type=\"widget\" data-widget_type=\"text-editor.default\">\n\t\t\t\t\t\t\t\t\t<p>Crede profondamente nel potere trasformativo della comunicazione autentica. La sua carriera nasce nel teatro e si sviluppa nelle aziende: \u00e8 attrice professionista e trainer aziendale bilingue (italiano\/inglese), con una formazione che fonde arte, strategia e impatto. Laureata in Comunicazione, specializzata in Public Speaking a Londra e diplomata all\u2019Accademia del Teatro Arsenale, ha appreso che la presenza scenica \u00e8 ascolto, relazione e verit\u00e0.<br \/>Ci\u00f2 che la distingue \u00e8 la capacit\u00e0 di trasformare ogni aula in uno spazio di consapevolezza. Unisce l\u2019esperienza teatrale alla formazione aziendale per creare percorsi che sviluppano leadership, comunicazione efficace, ascolto generativo, produttivit\u00e0 e creativit\u00e0. Porta armonia nei team, energia nei leader e autenticit\u00e0 nella comunicazione. Ogni suo intervento \u00e8 pensato per far emergere il potenziale delle persone, aiutandole a esprimersi con coraggio e coerenza. Perch\u00e9 quando la comunicazione \u00e8 vera, tutto pu\u00f2 cambiare.<\/p>\t\t\t\t\t\t\t\t<\/div>\n\t\t\t\t<\/div>\n\t\t<div class=\"elementor-element elementor-element-a5524dd e-con-full e-transform box-interattivo e-flex e-con e-child\" data-id=\"a5524dd\" data-element_type=\"container\" data-settings=\"{&quot;background_background&quot;:&quot;classic&quot;,&quot;_transform_scale_effect_hover&quot;:{&quot;unit&quot;:&quot;px&quot;,&quot;size&quot;:1.05,&quot;sizes&quot;:[]},&quot;_transform_scale_effect_hover_tablet&quot;:{&quot;unit&quot;:&quot;px&quot;,&quot;size&quot;:&quot;&quot;,&quot;sizes&quot;:[]},&quot;_transform_scale_effect_hover_mobile&quot;:{&quot;unit&quot;:&quot;px&quot;,&quot;size&quot;:&quot;&quot;,&quot;sizes&quot;:[]}}\">\n\t\t\t\t<div class=\"elementor-element elementor-element-4017072 elementor-widget elementor-widget-heading\" data-id=\"4017072\" data-element_type=\"widget\" data-widget_type=\"heading.default\">\n\t\t\t\t\t<h3 class=\"elementor-heading-title elementor-size-default\">Guido Cremonesi<\/h3>\t\t\t\t<\/div>\n\t\t\t\t<div class=\"elementor-element elementor-element-f30b1e2 elementor-widget elementor-widget-heading\" data-id=\"f30b1e2\" data-element_type=\"widget\" data-widget_type=\"heading.default\">\n\t\t\t\t\t<h5 class=\"elementor-heading-title elementor-size-default\">Il filosofo<\/h5>\t\t\t\t<\/div>\n\t\t\t\t<div class=\"elementor-element elementor-element-4df7d9f testo-nascosto elementor-widget elementor-widget-text-editor\" data-id=\"4df7d9f\" data-element_type=\"widget\" data-widget_type=\"text-editor.default\">\n\t\t\t\t\t\t\t\t\t<p>Laureato in Lettere Antiche presso l\u2019Universit\u00e0 degli Studi di Milano, \u00e8 specializzato in Formazione Esperienziale e Outdoor Training. Dal 1999 progetta e conduce percorsi<br \/>formativi per gruppi aziendali, creando contesti su misura che riproducono le dinamiche e le relazioni organizzative reali. Attraverso esperienze immersive, favorisce lo sviluppo delle competenze di teamworking, leadership e gestione del cambiamento, con un approccio pratico e trasformativo. \u00c8 membro attivo del network internazionale EEE \u2013 Experiential Educators Europe e del<br \/>NCCPS \u2013 National Challenge Course Practitioners Symposium (Colorado, USA). Collabora stabilmente con Dr. Jim Cain, esperto mondiale di dinamiche di gruppo e fondatore di<br \/>Teamwork &amp;amp; Teamplay (USA).<\/p>\t\t\t\t\t\t\t\t<\/div>\n\t\t\t\t<\/div>\n\t\t<div class=\"elementor-element elementor-element-ce90dfb e-con-full e-transform box-interattivo e-flex e-con e-child\" data-id=\"ce90dfb\" data-element_type=\"container\" data-settings=\"{&quot;background_background&quot;:&quot;classic&quot;,&quot;_transform_scale_effect_hover&quot;:{&quot;unit&quot;:&quot;px&quot;,&quot;size&quot;:1.05,&quot;sizes&quot;:[]},&quot;_transform_scale_effect_hover_tablet&quot;:{&quot;unit&quot;:&quot;px&quot;,&quot;size&quot;:&quot;&quot;,&quot;sizes&quot;:[]},&quot;_transform_scale_effect_hover_mobile&quot;:{&quot;unit&quot;:&quot;px&quot;,&quot;size&quot;:&quot;&quot;,&quot;sizes&quot;:[]}}\">\n\t\t\t\t<div class=\"elementor-element elementor-element-e1d0254 elementor-widget elementor-widget-heading\" data-id=\"e1d0254\" data-element_type=\"widget\" data-widget_type=\"heading.default\">\n\t\t\t\t\t<h3 class=\"elementor-heading-title elementor-size-default\">Gian Luca Ferrarotti<\/h3>\t\t\t\t<\/div>\n\t\t\t\t<div class=\"elementor-element elementor-element-ce0111c elementor-widget elementor-widget-heading\" data-id=\"ce0111c\" data-element_type=\"widget\" data-widget_type=\"heading.default\">\n\t\t\t\t\t<h5 class=\"elementor-heading-title elementor-size-default\">Il Pensatore<\/h5>\t\t\t\t<\/div>\n\t\t\t\t<div class=\"elementor-element elementor-element-b2e1473 testo-nascosto elementor-widget elementor-widget-text-editor\" data-id=\"b2e1473\" data-element_type=\"widget\" data-widget_type=\"text-editor.default\">\n\t\t\t\t\t\t\t\t\t<p>La passione per il suo lavoro rappresenta per lui un nutrimento costante. Il suo impegno come consulente \u00e8 orientato a generare valore aggiunto e benessere concreto all\u2019interno delle realt\u00e0 aziendali con cui collabora: un principio che guida ogni suo intervento. La sua esperienza come formatore si fonda sull\u2019apprendimento esperienziale, sulla Teoria U e sulle pratiche di meditazione e mindfulness, strumenti che utilizza per accompagnare le persone in percorsi di crescita autentica e trasformativa. I feedback ricevuti dai clienti evidenziano la sua naturale attitudine a facilitare processi di apprendimento progressivi, inclusivi e riflessivi, in cui ogni partecipante si sente coinvolto, ascoltato e valorizzato.<br \/>Convinto che la forma segua la coscienza per diventare materia, crede che anche nei<br \/>processi di trasformazione organizzativa, un cambiamento nel livello di ascolto possa<br \/>generare dialogo generativo e azioni collettive significative.<\/p>\t\t\t\t\t\t\t\t<\/div>\n\t\t\t\t<\/div>\n\t\t\t\t\t<\/div>\n\t\t\t\t<\/div>\n\t\t<div class=\"elementor-element elementor-element-b39e86f e-flex e-con-boxed e-con e-parent\" data-id=\"b39e86f\" data-element_type=\"container\" data-settings=\"{&quot;background_background&quot;:&quot;classic&quot;}\">\n\t\t\t\t\t<div class=\"e-con-inner\">\n\t\t\t\t<div class=\"elementor-element elementor-element-2848a08 elementor-widget elementor-widget-heading\" data-id=\"2848a08\" data-element_type=\"widget\" data-widget_type=\"heading.default\">\n\t\t\t\t\t<h3 class=\"elementor-heading-title elementor-size-default\">CLICCA QUI PER VISUALIZZARE<BR>IL NOSTRO CERTIFICATO ISO<\/h3>\t\t\t\t<\/div>\n\t\t\t\t<div class=\"elementor-element elementor-element-dfc76d8 elementor-align-center elementor-widget elementor-widget-button\" data-id=\"dfc76d8\" data-element_type=\"widget\" data-widget_type=\"button.default\">\n\t\t\t\t\t\t\t\t\t\t<a class=\"elementor-button elementor-button-link elementor-size-sm\" href=\"https:\/\/appliedmanagement.it\/wp-content\/uploads\/2025\/11\/ISO.pdf\" target=\"_blank\">\n\t\t\t\t\t\t<span class=\"elementor-button-content-wrapper\">\n\t\t\t\t\t\t\t\t\t<span class=\"elementor-button-text\">DNV<\/span>\n\t\t\t\t\t<\/span>\n\t\t\t\t\t<\/a>\n\t\t\t\t\t\t\t\t<\/div>\n\t\t\t\t\t<\/div>\n\t\t\t\t<\/div>\n\t\t<div class=\"elementor-element elementor-element-7e4162b e-flex e-con-boxed e-con e-parent\" data-id=\"7e4162b\" data-element_type=\"container\" data-settings=\"{&quot;background_background&quot;:&quot;classic&quot;}\">\n\t\t\t\t\t<div class=\"e-con-inner\">\n\t\t\t\t<div class=\"elementor-element elementor-element-4ec730f elementor-widget elementor-widget-image\" data-id=\"4ec730f\" data-element_type=\"widget\" data-widget_type=\"image.default\">\n\t\t\t\t\t\t\t\t\t\t\t\t\t\t\t<img decoding=\"async\" width=\"252\" height=\"153\" src=\"https:\/\/appliedmanagement.it\/wp-content\/uploads\/2025\/11\/triangolo-rosso-ok.png\" class=\"attachment-full size-full wp-image-1408\" alt=\"\" \/>\t\t\t\t\t\t\t\t\t\t\t\t\t\t\t<\/div>\n\t\t\t\t\t<\/div>\n\t\t\t\t<\/div>\n\t\t<div class=\"elementor-element elementor-element-6587dbb e-flex e-con-boxed e-con e-parent\" data-id=\"6587dbb\" data-element_type=\"container\" data-settings=\"{&quot;background_background&quot;:&quot;classic&quot;}\">\n\t\t\t\t\t<div class=\"e-con-inner\">\n\t\t\t\t<div class=\"elementor-element elementor-element-2a88253 elementor-position-inline-start elementor-mobile-position-inline-start elementor-view-default elementor-widget elementor-widget-icon-box\" data-id=\"2a88253\" data-element_type=\"widget\" data-widget_type=\"icon-box.default\">\n\t\t\t\t\t\t\t<div class=\"elementor-icon-box-wrapper\">\n\n\t\t\t\t\t\t<div class=\"elementor-icon-box-icon\">\n\t\t\t\t<span  class=\"elementor-icon\">\n\t\t\t\t<svg xmlns=\"http:\/\/www.w3.org\/2000\/svg\" id=\"b\" data-name=\"Livello 2\" viewBox=\"0 0 98.13 98.13\"><defs><style>      .d {        fill: #fff;      }    <\/style><\/defs><g id=\"c\" data-name=\"Livello 1\"><rect class=\"d\" x=\"14.72\" y=\"14.03\" width=\"68.7\" height=\"70.08\" transform=\"translate(-20.32 49.07) rotate(-45)\"><\/rect><\/g><\/svg>\t\t\t\t<\/span>\n\t\t\t<\/div>\n\t\t\t\n\t\t\t\t\t\t<div class=\"elementor-icon-box-content\">\n\n\t\t\t\t\t\t\t\t\t<h3 class=\"elementor-icon-box-title\">\n\t\t\t\t\t\t<span  >\n\t\t\t\t\t\t\tcollab\t\t\t\t\t\t<\/span>\n\t\t\t\t\t<\/h3>\n\t\t\t\t\n\t\t\t\t\n\t\t\t<\/div>\n\t\t\t\n\t\t<\/div>\n\t\t\t\t\t\t<\/div>\n\t\t\t\t<div class=\"elementor-element elementor-element-d9c8492 elementor-arrows-position-outside elementor-widget elementor-widget-n-carousel\" data-id=\"d9c8492\" data-element_type=\"widget\" data-settings=\"{&quot;carousel_items&quot;:[{&quot;slide_title&quot;:&quot;Slide #1&quot;,&quot;_id&quot;:&quot;9a272a6&quot;},{&quot;slide_title&quot;:&quot;Slide #2&quot;,&quot;_id&quot;:&quot;9682228&quot;},{&quot;slide_title&quot;:&quot;Slide #3&quot;,&quot;_id&quot;:&quot;ba099b6&quot;}],&quot;slides_to_show&quot;:&quot;3&quot;,&quot;slides_to_scroll&quot;:&quot;1&quot;,&quot;image_spacing_custom&quot;:{&quot;unit&quot;:&quot;px&quot;,&quot;size&quot;:&quot;&quot;,&quot;sizes&quot;:[]},&quot;slides_to_show_tablet&quot;:&quot;2&quot;,&quot;slides_to_show_mobile&quot;:&quot;1&quot;,&quot;autoplay&quot;:&quot;yes&quot;,&quot;autoplay_speed&quot;:5000,&quot;pause_on_hover&quot;:&quot;yes&quot;,&quot;pause_on_interaction&quot;:&quot;yes&quot;,&quot;infinite&quot;:&quot;yes&quot;,&quot;speed&quot;:500,&quot;offset_sides&quot;:&quot;none&quot;,&quot;arrows&quot;:&quot;yes&quot;,&quot;image_spacing_custom_tablet&quot;:{&quot;unit&quot;:&quot;px&quot;,&quot;size&quot;:&quot;&quot;,&quot;sizes&quot;:[]},&quot;image_spacing_custom_mobile&quot;:{&quot;unit&quot;:&quot;px&quot;,&quot;size&quot;:&quot;&quot;,&quot;sizes&quot;:[]}}\" data-widget_type=\"nested-carousel.default\">\n\t\t\t\t\t\t\t<div class=\"e-n-carousel swiper\" role=\"region\" aria-roledescription=\"carousel\" aria-label=\"Carosello\" dir=\"ltr\">\n\t\t\t<div class=\"swiper-wrapper\" aria-live=\"off\">\n\t\t\t\t\t\t\t\t\t\t<div class=\"swiper-slide\" data-slide=\"1\" role=\"group\" aria-roledescription=\"slide\" aria-label=\"1 di 3\">\n\t\t\t\t\t\t\t<div class=\"elementor-element elementor-element-ea52423 e-flex e-con-boxed e-con e-child\" data-id=\"ea52423\" data-element_type=\"container\">\n\t\t\t\t\t<div class=\"e-con-inner\">\n\t\t\t\t<div class=\"elementor-element elementor-element-aa14273 e-transform elementor-widget elementor-widget-image\" data-id=\"aa14273\" data-element_type=\"widget\" data-settings=\"{&quot;motion_fx_motion_fx_scrolling&quot;:&quot;yes&quot;,&quot;_transform_scale_effect_hover&quot;:{&quot;unit&quot;:&quot;px&quot;,&quot;size&quot;:1.5,&quot;sizes&quot;:[]},&quot;motion_fx_devices&quot;:[&quot;desktop&quot;,&quot;tablet&quot;,&quot;mobile&quot;],&quot;_transform_scale_effect_hover_tablet&quot;:{&quot;unit&quot;:&quot;px&quot;,&quot;size&quot;:&quot;&quot;,&quot;sizes&quot;:[]},&quot;_transform_scale_effect_hover_mobile&quot;:{&quot;unit&quot;:&quot;px&quot;,&quot;size&quot;:&quot;&quot;,&quot;sizes&quot;:[]}}\" data-widget_type=\"image.default\">\n\t\t\t\t\t\t\t\t\t\t\t\t\t\t\t\t<a href=\"https:\/\/www.illudio.it\/\" target=\"_blank\">\n\t\t\t\t\t\t\t<img loading=\"lazy\" decoding=\"async\" width=\"724\" height=\"935\" src=\"https:\/\/appliedmanagement.it\/wp-content\/uploads\/2025\/11\/Illudio-logo-e-testo.jpg\" class=\"attachment-large size-large wp-image-879\" alt=\"\" srcset=\"https:\/\/appliedmanagement.it\/wp-content\/uploads\/2025\/11\/Illudio-logo-e-testo.jpg 724w, https:\/\/appliedmanagement.it\/wp-content\/uploads\/2025\/11\/Illudio-logo-e-testo-232x300.jpg 232w\" sizes=\"(max-width: 724px) 100vw, 724px\" \/>\t\t\t\t\t\t\t\t<\/a>\n\t\t\t\t\t\t\t\t\t\t\t\t\t\t\t<\/div>\n\t\t\t\t\t<\/div>\n\t\t\t\t<\/div>\n\t\t\t\t\t\t\t\t<\/div>\n\t\t\t\t\t\t\t\t\t\t\t<div class=\"swiper-slide\" data-slide=\"2\" role=\"group\" aria-roledescription=\"slide\" aria-label=\"2 di 3\">\n\t\t\t\t\t\t\t<div class=\"elementor-element elementor-element-9334a1a e-flex e-con-boxed e-con e-child\" data-id=\"9334a1a\" data-element_type=\"container\">\n\t\t\t\t\t<div class=\"e-con-inner\">\n\t\t\t\t<div class=\"elementor-element elementor-element-a669173 e-transform elementor-widget elementor-widget-image\" data-id=\"a669173\" data-element_type=\"widget\" data-settings=\"{&quot;motion_fx_motion_fx_scrolling&quot;:&quot;yes&quot;,&quot;_transform_scale_effect_hover&quot;:{&quot;unit&quot;:&quot;px&quot;,&quot;size&quot;:1.5,&quot;sizes&quot;:[]},&quot;motion_fx_devices&quot;:[&quot;desktop&quot;,&quot;tablet&quot;,&quot;mobile&quot;],&quot;_transform_scale_effect_hover_tablet&quot;:{&quot;unit&quot;:&quot;px&quot;,&quot;size&quot;:&quot;&quot;,&quot;sizes&quot;:[]},&quot;_transform_scale_effect_hover_mobile&quot;:{&quot;unit&quot;:&quot;px&quot;,&quot;size&quot;:&quot;&quot;,&quot;sizes&quot;:[]}}\" data-widget_type=\"image.default\">\n\t\t\t\t\t\t\t\t\t\t\t\t\t\t\t\t<a href=\"https:\/\/www.imawake.org\/\" target=\"_blank\">\n\t\t\t\t\t\t\t<img loading=\"lazy\" decoding=\"async\" width=\"724\" height=\"935\" src=\"https:\/\/appliedmanagement.it\/wp-content\/uploads\/2025\/11\/Mountain-Lab-logo-e-testo.jpg\" class=\"attachment-large size-large wp-image-883\" alt=\"\" srcset=\"https:\/\/appliedmanagement.it\/wp-content\/uploads\/2025\/11\/Mountain-Lab-logo-e-testo.jpg 724w, https:\/\/appliedmanagement.it\/wp-content\/uploads\/2025\/11\/Mountain-Lab-logo-e-testo-232x300.jpg 232w\" sizes=\"(max-width: 724px) 100vw, 724px\" \/>\t\t\t\t\t\t\t\t<\/a>\n\t\t\t\t\t\t\t\t\t\t\t\t\t\t\t<\/div>\n\t\t\t\t\t<\/div>\n\t\t\t\t<\/div>\n\t\t\t\t\t\t\t\t<\/div>\n\t\t\t\t\t\t\t\t\t\t\t<div class=\"swiper-slide\" data-slide=\"3\" role=\"group\" aria-roledescription=\"slide\" aria-label=\"3 di 3\">\n\t\t\t\t\t\t\t<div class=\"elementor-element elementor-element-76b2e08 e-flex e-con-boxed e-con e-child\" data-id=\"76b2e08\" data-element_type=\"container\">\n\t\t\t\t\t<div class=\"e-con-inner\">\n\t\t\t\t<div class=\"elementor-element elementor-element-da6db01 e-transform elementor-widget elementor-widget-image\" data-id=\"da6db01\" data-element_type=\"widget\" data-settings=\"{&quot;motion_fx_motion_fx_scrolling&quot;:&quot;yes&quot;,&quot;_transform_scale_effect_hover&quot;:{&quot;unit&quot;:&quot;px&quot;,&quot;size&quot;:1.5,&quot;sizes&quot;:[]},&quot;motion_fx_devices&quot;:[&quot;desktop&quot;,&quot;tablet&quot;,&quot;mobile&quot;],&quot;_transform_scale_effect_hover_tablet&quot;:{&quot;unit&quot;:&quot;px&quot;,&quot;size&quot;:&quot;&quot;,&quot;sizes&quot;:[]},&quot;_transform_scale_effect_hover_mobile&quot;:{&quot;unit&quot;:&quot;px&quot;,&quot;size&quot;:&quot;&quot;,&quot;sizes&quot;:[]}}\" data-widget_type=\"image.default\">\n\t\t\t\t\t\t\t\t\t\t\t\t\t\t\t\t<a href=\"https:\/\/www.cresciamofelici.com\/\" target=\"_blank\">\n\t\t\t\t\t\t\t<img loading=\"lazy\" decoding=\"async\" width=\"724\" height=\"935\" src=\"https:\/\/appliedmanagement.it\/wp-content\/uploads\/2025\/11\/cresciamo-felici-logo-e-testo.jpg\" class=\"attachment-large size-large wp-image-884\" alt=\"\" srcset=\"https:\/\/appliedmanagement.it\/wp-content\/uploads\/2025\/11\/cresciamo-felici-logo-e-testo.jpg 724w, https:\/\/appliedmanagement.it\/wp-content\/uploads\/2025\/11\/cresciamo-felici-logo-e-testo-232x300.jpg 232w\" sizes=\"(max-width: 724px) 100vw, 724px\" \/>\t\t\t\t\t\t\t\t<\/a>\n\t\t\t\t\t\t\t\t\t\t\t\t\t\t\t<\/div>\n\t\t\t\t\t<\/div>\n\t\t\t\t<\/div>\n\t\t\t\t\t\t\t\t<\/div>\n\t\t\t\t\t\t\t\t<\/div>\n\t\t<\/div>\n\t\t\t\t\t<div class=\"elementor-swiper-button elementor-swiper-button-prev\" role=\"button\" tabindex=\"0\" aria-label=\"Precedente\">\n\t\t\t\t<svg aria-hidden=\"true\" class=\"e-font-icon-svg e-eicon-chevron-left\" viewBox=\"0 0 1000 1000\" xmlns=\"http:\/\/www.w3.org\/2000\/svg\"><path d=\"M646 125C629 125 613 133 604 142L308 442C296 454 292 471 292 487 292 504 296 521 308 533L604 854C617 867 629 875 646 875 663 875 679 871 692 858 704 846 713 829 713 812 713 796 708 779 692 767L438 487 692 225C700 217 708 204 708 187 708 171 704 154 692 142 675 129 663 125 646 125Z\"><\/path><\/svg>\t\t\t<\/div>\n\t\t\t<div class=\"elementor-swiper-button elementor-swiper-button-next\" role=\"button\" tabindex=\"0\" aria-label=\"Successivo\">\n\t\t\t\t<svg aria-hidden=\"true\" class=\"e-font-icon-svg e-eicon-chevron-right\" viewBox=\"0 0 1000 1000\" xmlns=\"http:\/\/www.w3.org\/2000\/svg\"><path d=\"M696 533C708 521 713 504 713 487 713 471 708 454 696 446L400 146C388 133 375 125 354 125 338 125 325 129 313 142 300 154 292 171 292 187 292 204 296 221 308 233L563 492 304 771C292 783 288 800 288 817 288 833 296 850 308 863 321 871 338 875 354 875 371 875 388 867 400 854L696 533Z\"><\/path><\/svg>\t\t\t<\/div>\n\t\t\t\t\t\t<\/div>\n\t\t\t\t\t<\/div>\n\t\t\t\t<\/div>\n\t\t<div class=\"elementor-element elementor-element-e72fe78 e-flex e-con-boxed e-con e-parent\" data-id=\"e72fe78\" data-element_type=\"container\">\n\t\t\t\t\t<div class=\"e-con-inner\">\n\t\t\t\t\t<\/div>\n\t\t\t\t<\/div>\n\t\t<div class=\"elementor-element elementor-element-481cdc9 e-flex e-con-boxed e-con e-parent\" data-id=\"481cdc9\" data-element_type=\"container\">\n\t\t\t\t\t<div class=\"e-con-inner\">\n\t\t<div class=\"elementor-element elementor-element-4bd6402 e-con-full e-flex e-con e-child\" data-id=\"4bd6402\" data-element_type=\"container\">\n\t\t\t\t<div class=\"elementor-element elementor-element-be5f177 elementor-widget elementor-widget-image\" data-id=\"be5f177\" data-element_type=\"widget\" data-widget_type=\"image.default\">\n\t\t\t\t\t\t\t\t\t\t\t\t\t\t\t<img loading=\"lazy\" decoding=\"async\" width=\"806\" height=\"319\" src=\"https:\/\/appliedmanagement.it\/wp-content\/uploads\/2025\/10\/Logo-applied_positivo.svg\" class=\"attachment-full size-full wp-image-269\" alt=\"\" \/>\t\t\t\t\t\t\t\t\t\t\t\t\t\t\t<\/div>\n\t\t\t\t<div class=\"elementor-element elementor-element-c31fac6 elementor-widget elementor-widget-heading\" data-id=\"c31fac6\" data-element_type=\"widget\" data-widget_type=\"heading.default\">\n\t\t\t\t\t<h1 class=\"elementor-heading-title elementor-size-default\">Contattaci<\/h1>\t\t\t\t<\/div>\n\t\t\t\t<div class=\"elementor-element elementor-element-596a1a4 elementor-widget elementor-widget-text-editor\" data-id=\"596a1a4\" data-element_type=\"widget\" data-widget_type=\"text-editor.default\">\n\t\t\t\t\t\t\t\t\t<h5><strong>Hai un&#8217;idea? Un bisogno da esplorare?<\/strong><br \/><strong>Un progetto da sviluppare?<\/strong><br \/><strong>O semplicemente curiosit\u00e0 di conoscerci?<\/strong><\/h5><p>Contattaci, sar\u00e0 un piacere ascoltarti e immaginare insieme!<\/p>\t\t\t\t\t\t\t\t<\/div>\n\t\t\t\t<div class=\"elementor-element elementor-element-8a4aa42 elementor-widget elementor-widget-button\" data-id=\"8a4aa42\" data-element_type=\"widget\" data-widget_type=\"button.default\">\n\t\t\t\t\t\t\t\t\t\t<a class=\"elementor-button elementor-button-link elementor-size-sm\" href=\"https:\/\/appliedmanagement.it\/index.php\/contatti\/\">\n\t\t\t\t\t\t<span class=\"elementor-button-content-wrapper\">\n\t\t\t\t\t\t\t\t\t<span class=\"elementor-button-text\">richiedi un incontro<\/span>\n\t\t\t\t\t<\/span>\n\t\t\t\t\t<\/a>\n\t\t\t\t\t\t\t\t<\/div>\n\t\t\t\t<\/div>\n\t\t<div class=\"elementor-element elementor-element-55ad350 e-con-full e-flex e-con e-child\" data-id=\"55ad350\" data-element_type=\"container\">\n\t\t\t\t<div class=\"elementor-element elementor-element-6bd0d76 elementor-widget elementor-widget-image\" data-id=\"6bd0d76\" data-element_type=\"widget\" data-widget_type=\"image.default\">\n\t\t\t\t\t\t\t\t\t\t\t\t\t\t\t<img loading=\"lazy\" decoding=\"async\" width=\"1024\" height=\"1024\" src=\"https:\/\/appliedmanagement.it\/wp-content\/uploads\/2025\/10\/Illustrazione-bottom.svg\" class=\"attachment-large size-large wp-image-263\" alt=\"\" \/>\t\t\t\t\t\t\t\t\t\t\t\t\t\t\t<\/div>\n\t\t\t\t<\/div>\n\t\t\t\t\t<\/div>\n\t\t\t\t<\/div>\n\t\t\t\t<\/div>\n\t\t","protected":false},"excerpt":{"rendered":"<p>Diversi per natura, uniti per scelta Dal 2009, insieme.La nostra forza \u00e8 la diversit\u00e0. Esperienze, culture, passione, storie: ogni percorso personale arricchisce ci\u00f2 che facciamo.\u00c8 da questa ricchezza che nasce il nostro valore: progetti unici, solidi, pensati per durare. richiedi un incontro Francesca Dei La razionalizzatrice Si \u00e8 laureata in Scienze Statistiche ed Economiche presso &#8230; <a title=\"Chi siamo\" class=\"read-more\" href=\"https:\/\/appliedmanagement.it\/index.php\/chi-siamo\/\" aria-label=\"Per saperne di pi\u00f9 su Chi siamo\">Leggi tutto<\/a><\/p>\n","protected":false},"author":1,"featured_media":0,"parent":0,"menu_order":0,"comment_status":"closed","ping_status":"closed","template":"elementor_header_footer","meta":{"footnotes":""},"class_list":["post-439","page","type-page","status-publish"],"yoast_head":"<!-- This site is optimized with the Yoast SEO plugin v26.8 - https:\/\/yoast.com\/product\/yoast-seo-wordpress\/ -->\n<title>Chi siamo - Consulenza e Formazione Aziendale per la Crescita - Applied Management<\/title>\n<meta name=\"description\" content=\"Consulenza organizzativa, formazione manageriale, sviluppo competenze e supporto ai processi di cambiamento.\" \/>\n<meta name=\"robots\" content=\"index, follow, max-snippet:-1, max-image-preview:large, max-video-preview:-1\" \/>\n<link rel=\"canonical\" href=\"https:\/\/appliedmanagement.it\/index.php\/chi-siamo\/\" \/>\n<meta property=\"og:locale\" content=\"it_IT\" \/>\n<meta property=\"og:type\" content=\"article\" \/>\n<meta property=\"og:title\" content=\"Chi siamo - Consulenza e Formazione Aziendale per la Crescita - Applied Management\" \/>\n<meta property=\"og:description\" content=\"Consulenza organizzativa, formazione manageriale, sviluppo competenze e supporto ai processi di cambiamento.\" \/>\n<meta property=\"og:url\" content=\"https:\/\/appliedmanagement.it\/index.php\/chi-siamo\/\" \/>\n<meta property=\"og:site_name\" content=\"Applied Management\" \/>\n<meta property=\"article:modified_time\" content=\"2025-11-28T18:08:25+00:00\" \/>\n<meta property=\"og:image\" content=\"https:\/\/appliedmanagement.it\/wp-content\/uploads\/2025\/11\/illustrazione-team.svg\" \/>\n<meta name=\"twitter:card\" content=\"summary_large_image\" \/>\n<meta name=\"twitter:label1\" content=\"Tempo di lettura stimato\" \/>\n\t<meta name=\"twitter:data1\" content=\"7 minuti\" \/>\n<script type=\"application\/ld+json\" class=\"yoast-schema-graph\">{\"@context\":\"https:\/\/schema.org\",\"@graph\":[{\"@type\":\"WebPage\",\"@id\":\"https:\/\/appliedmanagement.it\/index.php\/chi-siamo\/\",\"url\":\"https:\/\/appliedmanagement.it\/index.php\/chi-siamo\/\",\"name\":\"Chi siamo - Consulenza e Formazione Aziendale per la Crescita - Applied Management\",\"isPartOf\":{\"@id\":\"https:\/\/appliedmanagement.it\/#website\"},\"primaryImageOfPage\":{\"@id\":\"https:\/\/appliedmanagement.it\/index.php\/chi-siamo\/#primaryimage\"},\"image\":{\"@id\":\"https:\/\/appliedmanagement.it\/index.php\/chi-siamo\/#primaryimage\"},\"thumbnailUrl\":\"https:\/\/appliedmanagement.it\/wp-content\/uploads\/2025\/11\/illustrazione-team.svg\",\"datePublished\":\"2025-11-03T14:22:12+00:00\",\"dateModified\":\"2025-11-28T18:08:25+00:00\",\"description\":\"Consulenza organizzativa, formazione manageriale, sviluppo competenze e supporto ai processi di cambiamento.\",\"breadcrumb\":{\"@id\":\"https:\/\/appliedmanagement.it\/index.php\/chi-siamo\/#breadcrumb\"},\"inLanguage\":\"it-IT\",\"potentialAction\":[{\"@type\":\"ReadAction\",\"target\":[\"https:\/\/appliedmanagement.it\/index.php\/chi-siamo\/\"]}]},{\"@type\":\"ImageObject\",\"inLanguage\":\"it-IT\",\"@id\":\"https:\/\/appliedmanagement.it\/index.php\/chi-siamo\/#primaryimage\",\"url\":\"https:\/\/appliedmanagement.it\/wp-content\/uploads\/2025\/11\/illustrazione-team.svg\",\"contentUrl\":\"https:\/\/appliedmanagement.it\/wp-content\/uploads\/2025\/11\/illustrazione-team.svg\",\"width\":485,\"height\":407},{\"@type\":\"BreadcrumbList\",\"@id\":\"https:\/\/appliedmanagement.it\/index.php\/chi-siamo\/#breadcrumb\",\"itemListElement\":[{\"@type\":\"ListItem\",\"position\":1,\"name\":\"Home\",\"item\":\"https:\/\/appliedmanagement.it\/\"},{\"@type\":\"ListItem\",\"position\":2,\"name\":\"Chi siamo\"}]},{\"@type\":\"WebSite\",\"@id\":\"https:\/\/appliedmanagement.it\/#website\",\"url\":\"https:\/\/appliedmanagement.it\/\",\"name\":\"Applied Management\",\"description\":\"\",\"publisher\":{\"@id\":\"https:\/\/appliedmanagement.it\/#organization\"},\"potentialAction\":[{\"@type\":\"SearchAction\",\"target\":{\"@type\":\"EntryPoint\",\"urlTemplate\":\"https:\/\/appliedmanagement.it\/?s={search_term_string}\"},\"query-input\":{\"@type\":\"PropertyValueSpecification\",\"valueRequired\":true,\"valueName\":\"search_term_string\"}}],\"inLanguage\":\"it-IT\"},{\"@type\":\"Organization\",\"@id\":\"https:\/\/appliedmanagement.it\/#organization\",\"name\":\"Applied Management\",\"url\":\"https:\/\/appliedmanagement.it\/\",\"logo\":{\"@type\":\"ImageObject\",\"inLanguage\":\"it-IT\",\"@id\":\"https:\/\/appliedmanagement.it\/#\/schema\/logo\/image\/\",\"url\":\"https:\/\/appliedmanagement.it\/wp-content\/uploads\/2025\/10\/Logo-applied-header_bianco.svg\",\"contentUrl\":\"https:\/\/appliedmanagement.it\/wp-content\/uploads\/2025\/10\/Logo-applied-header_bianco.svg\",\"width\":1203,\"height\":248,\"caption\":\"Applied Management\"},\"image\":{\"@id\":\"https:\/\/appliedmanagement.it\/#\/schema\/logo\/image\/\"},\"sameAs\":[\"https:\/\/www.linkedin.com\/company\/appliedmanagement\/\"]}]}<\/script>\n<!-- \/ Yoast SEO plugin. -->","yoast_head_json":{"title":"Chi siamo - Consulenza e Formazione Aziendale per la Crescita - Applied Management","description":"Consulenza organizzativa, formazione manageriale, sviluppo competenze e supporto ai processi di cambiamento.","robots":{"index":"index","follow":"follow","max-snippet":"max-snippet:-1","max-image-preview":"max-image-preview:large","max-video-preview":"max-video-preview:-1"},"canonical":"https:\/\/appliedmanagement.it\/index.php\/chi-siamo\/","og_locale":"it_IT","og_type":"article","og_title":"Chi siamo - Consulenza e Formazione Aziendale per la Crescita - Applied Management","og_description":"Consulenza organizzativa, formazione manageriale, sviluppo competenze e supporto ai processi di cambiamento.","og_url":"https:\/\/appliedmanagement.it\/index.php\/chi-siamo\/","og_site_name":"Applied Management","article_modified_time":"2025-11-28T18:08:25+00:00","og_image":[{"url":"https:\/\/appliedmanagement.it\/wp-content\/uploads\/2025\/11\/illustrazione-team.svg","type":"","width":"","height":""}],"twitter_card":"summary_large_image","twitter_misc":{"Tempo di lettura stimato":"7 minuti"},"schema":{"@context":"https:\/\/schema.org","@graph":[{"@type":"WebPage","@id":"https:\/\/appliedmanagement.it\/index.php\/chi-siamo\/","url":"https:\/\/appliedmanagement.it\/index.php\/chi-siamo\/","name":"Chi siamo - Consulenza e Formazione Aziendale per la Crescita - Applied Management","isPartOf":{"@id":"https:\/\/appliedmanagement.it\/#website"},"primaryImageOfPage":{"@id":"https:\/\/appliedmanagement.it\/index.php\/chi-siamo\/#primaryimage"},"image":{"@id":"https:\/\/appliedmanagement.it\/index.php\/chi-siamo\/#primaryimage"},"thumbnailUrl":"https:\/\/appliedmanagement.it\/wp-content\/uploads\/2025\/11\/illustrazione-team.svg","datePublished":"2025-11-03T14:22:12+00:00","dateModified":"2025-11-28T18:08:25+00:00","description":"Consulenza organizzativa, formazione manageriale, sviluppo competenze e supporto ai processi di cambiamento.","breadcrumb":{"@id":"https:\/\/appliedmanagement.it\/index.php\/chi-siamo\/#breadcrumb"},"inLanguage":"it-IT","potentialAction":[{"@type":"ReadAction","target":["https:\/\/appliedmanagement.it\/index.php\/chi-siamo\/"]}]},{"@type":"ImageObject","inLanguage":"it-IT","@id":"https:\/\/appliedmanagement.it\/index.php\/chi-siamo\/#primaryimage","url":"https:\/\/appliedmanagement.it\/wp-content\/uploads\/2025\/11\/illustrazione-team.svg","contentUrl":"https:\/\/appliedmanagement.it\/wp-content\/uploads\/2025\/11\/illustrazione-team.svg","width":485,"height":407},{"@type":"BreadcrumbList","@id":"https:\/\/appliedmanagement.it\/index.php\/chi-siamo\/#breadcrumb","itemListElement":[{"@type":"ListItem","position":1,"name":"Home","item":"https:\/\/appliedmanagement.it\/"},{"@type":"ListItem","position":2,"name":"Chi siamo"}]},{"@type":"WebSite","@id":"https:\/\/appliedmanagement.it\/#website","url":"https:\/\/appliedmanagement.it\/","name":"Applied Management","description":"","publisher":{"@id":"https:\/\/appliedmanagement.it\/#organization"},"potentialAction":[{"@type":"SearchAction","target":{"@type":"EntryPoint","urlTemplate":"https:\/\/appliedmanagement.it\/?s={search_term_string}"},"query-input":{"@type":"PropertyValueSpecification","valueRequired":true,"valueName":"search_term_string"}}],"inLanguage":"it-IT"},{"@type":"Organization","@id":"https:\/\/appliedmanagement.it\/#organization","name":"Applied Management","url":"https:\/\/appliedmanagement.it\/","logo":{"@type":"ImageObject","inLanguage":"it-IT","@id":"https:\/\/appliedmanagement.it\/#\/schema\/logo\/image\/","url":"https:\/\/appliedmanagement.it\/wp-content\/uploads\/2025\/10\/Logo-applied-header_bianco.svg","contentUrl":"https:\/\/appliedmanagement.it\/wp-content\/uploads\/2025\/10\/Logo-applied-header_bianco.svg","width":1203,"height":248,"caption":"Applied Management"},"image":{"@id":"https:\/\/appliedmanagement.it\/#\/schema\/logo\/image\/"},"sameAs":["https:\/\/www.linkedin.com\/company\/appliedmanagement\/"]}]}},"_links":{"self":[{"href":"https:\/\/appliedmanagement.it\/index.php\/wp-json\/wp\/v2\/pages\/439","targetHints":{"allow":["GET"]}}],"collection":[{"href":"https:\/\/appliedmanagement.it\/index.php\/wp-json\/wp\/v2\/pages"}],"about":[{"href":"https:\/\/appliedmanagement.it\/index.php\/wp-json\/wp\/v2\/types\/page"}],"author":[{"embeddable":true,"href":"https:\/\/appliedmanagement.it\/index.php\/wp-json\/wp\/v2\/users\/1"}],"replies":[{"embeddable":true,"href":"https:\/\/appliedmanagement.it\/index.php\/wp-json\/wp\/v2\/comments?post=439"}],"version-history":[{"count":10,"href":"https:\/\/appliedmanagement.it\/index.php\/wp-json\/wp\/v2\/pages\/439\/revisions"}],"predecessor-version":[{"id":1488,"href":"https:\/\/appliedmanagement.it\/index.php\/wp-json\/wp\/v2\/pages\/439\/revisions\/1488"}],"wp:attachment":[{"href":"https:\/\/appliedmanagement.it\/index.php\/wp-json\/wp\/v2\/media?parent=439"}],"curies":[{"name":"wp","href":"https:\/\/api.w.org\/{rel}","templated":true}]}}